{"id":122,"date":"2016-02-27T22:15:31","date_gmt":"2016-02-27T22:15:31","guid":{"rendered":"https:\/\/sfzgraal.wordpress.com\/?page_id=122"},"modified":"2022-03-28T16:42:00","modified_gmt":"2022-03-28T16:42:00","slug":"kooperationspartner","status":"publish","type":"page","link":"https:\/\/f\u00f6rderzentrum-am-meer.de\/?page_id=122","title":{"rendered":"Kooperationspartner"},"content":{"rendered":"<h2 style=\"text-align: left;\" align=\"center\"><span style=\"text-decoration: underline; color: #003366;\"><b>des Sonderp\u00e4dagogischen F\u00f6rderzentrums <\/b><\/span><\/h2>\n<h2 style=\"text-align: left;\" align=\"center\"><span style=\"text-decoration: underline; color: #003366;\"><b>&#8222;Am Meer&#8220;:<\/b><\/span><\/h2>\n<ul>\n<li style=\"text-align: left;\"><span style=\"color: #003366;\">Integrationsfachdienst<\/span><\/li>\n<li><span style=\"color: #003366;\">JSW (Jugend- und Sozialwerk), Schulsozialarbeiterin<\/span><\/li>\n<li><span style=\"color: #003366;\">Schul- und Elternverein &#8222;Lernen f\u00f6rdern&#8220;<\/span><\/li>\n<li><span style=\"color: #003366;\">Schulen des Einzugsbereiches und die Universit\u00e4t Rostock<\/span><\/li>\n<li><span style=\"color: #003366;\">Gemeinde Graal-M\u00fcritz, Verkehrswacht, Polizei, Aquadrom, die wirtschaftliche&nbsp;Vereinigung,&nbsp;Feuerwehr, Tourismus- und Kurbetrieb, B\u00e4derbibliothek<\/span><\/li>\n<li><span style=\"color: #003366;\">Michaelshof und das Michaelwerk Bentwisch<br><\/span><\/li>\n<li><span style=\"color: #003366;\">Universit\u00e4t Rostock (ISER)<\/span><\/li>\n<\/ul>\n<h4 align=\"left\">&nbsp;<\/h4>\n<h2 style=\"text-align: left;\" align=\"center\"><span style=\"text-decoration: underline; color: #003366;\"><b><span style=\"color: #003366;\">Unterst\u00fctzende<\/span> Systeme:<\/b><\/span><\/h2>\n<ul>\n<li><span style=\"color: #003366;\">Jugendamt, Sozialarbeiter, Familienhelfer<\/span><\/li>\n<li><span style=\"color: #003366;\">Agentur f\u00fcr Arbeit Rostock<\/span><span style=\"color: #003366;\"> <a href=\"https:\/\/www.arbeitsagentur.de\/vor-ort\/rostock\/schulen\">https:\/\/www.arbeitsagentur.de\/vor-ort\/rostock\/schulen<\/a><\/span><\/li>\n<li><span style=\"color: #003366;\">Gesundheitsamt und schulpsychologischer und diagnostischer Dienst<\/span><\/li>\n<li><span style=\"color: #003366;\">Institut f\u00fcr Qualit\u00e4tsentwicklung M-V<\/span><\/li>\n<li><span style=\"color: #003366;\">\u00c4rzte und Therapeuten des Ortes sowie die Autismusambulanz Rostock<\/span><\/li>\n<li><span style=\"color: #003366;\">Sportvereine <\/span><\/li>\n<li><span style=\"color: #003366;\">Behindertenverband u.v.m.<\/span><\/li>\n<\/ul>\n<p align=\"left\"><span style=\"color: #003366;\">&nbsp;<\/span><\/p>\n<h2 style=\"text-align: justify;\" align=\"center\"><span style=\"color: #003366;\"><em><b>F\u00fcr eine vertrauensvolle und intensive Zusammenarbeit vergeben wir j\u00e4hrlich unseren&nbsp;<\/b><\/em><em><span style=\"text-decoration: underline;\">M\u00f6wenpreis.<\/span><\/em><\/span><\/h2>\n<h4 style=\"text-align: center;\" align=\"left\"><span style=\"color: #003366;\">&nbsp;<img loading=\"lazy\" decoding=\"async\" class=\"wp-image-341 aligncenter\" src=\"http:\/\/xn--frderzentrum-am-meer-39b.de\/wp-content\/uploads\/2016\/09\/mc3b6wenpreis-275x300.jpg\" alt=\"\" width=\"206\" height=\"225\" srcset=\"https:\/\/xn--frderzentrum-am-meer-39b.de\/wp-content\/uploads\/2016\/09\/mc3b6wenpreis-275x300.jpg 275w, https:\/\/xn--frderzentrum-am-meer-39b.de\/wp-content\/uploads\/2016\/09\/mc3b6wenpreis.jpg 645w\" sizes=\"(max-width: 206px) 100vw, 206px\" \/><\/span><\/h4>\n<h4 align=\"left\"><span style=\"color: #003366;\">Schuljahr 2008\/2009 &nbsp; Fachklinik f\u00fcr Onkologie und Ganzheitsmedizin<\/span><\/h4>\n<h4 align=\"left\"><span style=\"color: #003366;\">Schuljahr 2009\/2010 &nbsp; Firma Diews&nbsp;Hausmeisterservice<\/span><\/h4>\n<h4><span style=\"color: #003366;\">Schuljahr 2010\/2011 &nbsp; &nbsp;Edeka Schlickeisen Graal-M\u00fcritz<\/span><\/h4>\n<h4><span style=\"color: #003366;\">Schuljahr 2011\/2012 &nbsp; &nbsp;Ev. Kirchgemeinde Pastor Timm<\/span><\/h4>\n<h4><span style=\"color: #003366;\">Schuljahr 2012\/2013 &nbsp; &nbsp;Schulsozialarbeiter H. Schr\u00f6der (JSW)<br><\/span><\/h4>\n<h4><span style=\"color: #003366;\">Schuljahr 2013\/2014 &nbsp; &nbsp;Integrationsfachdienst + Verkehrswacht Graal-M\u00fcritz<br><\/span><\/h4>\n<h4><span style=\"color: #003366;\">Schuljahr 2014\/2015 &nbsp; &nbsp;TUK Graal-M\u00fcritz<\/span><\/h4>\n<h4><span style=\"color: #003366;\">Schuljahr 2015\/2016&nbsp;&nbsp;&nbsp; Frau Furtak\/ Agentur f\u00fcr Arbeit Rostock<\/span><\/h4>\n<h4><span style=\"color: #003366;\">Schuljahr 2017\/2018 &nbsp; &nbsp;Schulsozialarbeiterin Frau Karbstein (JSW)<\/span><\/h4>\n<h4><span style=\"color: #003366;\">Schuljahr 2021\/ 2022&nbsp; &nbsp;Frau Koschuhar Kosmetikstudio Arielle<\/span><\/h4>\n\n\n<div class=\"wp-block-image\"><figure class=\"aligncenter size-large is-resized\"><img loading=\"lazy\" decoding=\"async\" src=\"https:\/\/xn--frderzentrum-am-meer-39b.de\/wp-content\/uploads\/2022\/03\/IMG-20220318-WA0000-768x1024.jpg\" alt=\"\" class=\"wp-image-2229\" width=\"197\" height=\"262\" srcset=\"https:\/\/xn--frderzentrum-am-meer-39b.de\/wp-content\/uploads\/2022\/03\/IMG-20220318-WA0000-768x1024.jpg 768w, https:\/\/xn--frderzentrum-am-meer-39b.de\/wp-content\/uploads\/2022\/03\/IMG-20220318-WA0000-225x300.jpg 225w, https:\/\/xn--frderzentrum-am-meer-39b.de\/wp-content\/uploads\/2022\/03\/IMG-20220318-WA0000-1152x1536.jpg 1152w, https:\/\/xn--frderzentrum-am-meer-39b.de\/wp-content\/uploads\/2022\/03\/IMG-20220318-WA0000.jpg 1536w\" sizes=\"(max-width: 197px) 100vw, 197px\" \/><figcaption><strong><span class=\"has-inline-color has-vivid-cyan-blue-color\">\u00dcbergabe M\u00f6wenpreis an Frau Koschuhar<\/span><\/strong><\/figcaption><\/figure><\/div>\n","protected":false},"excerpt":{"rendered":"<p>des Sonderp\u00e4dagogischen F\u00f6rderzentrums &#8222;Am Meer&#8220;: Integrationsfachdienst JSW (Jugend- und Sozialwerk), Schulsozialarbeiterin Schul- und Elternverein &#8222;Lernen f\u00f6rdern&#8220; Schulen des Einzugsbereiches und die Universit\u00e4t Rostock Gemeinde Graal-M\u00fcritz, Verkehrswacht, Polizei, Aquadrom, die wirtschaftliche&nbsp;Vereinigung,&nbsp;Feuerwehr, Tourismus- und Kurbetrieb, B\u00e4derbibliothek Michaelshof und das Michaelwerk Bentwisch Universit\u00e4t Rostock (ISER) &nbsp; Unterst\u00fctzende Systeme: Jugendamt, Sozialarbeiter, Familienhelfer Agentur f\u00fcr Arbeit Rostock https:\/\/www.arbeitsagentur.de\/vor-ort\/rostock\/schulen Gesundheitsamt und &hellip; <a href=\"https:\/\/f\u00f6rderzentrum-am-meer.de\/?page_id=122\" class=\"more-link\"><span class=\"screen-reader-text\">Kooperationspartner<\/span> weiterlesen <span class=\"meta-nav\">&rarr;<\/span><\/a><\/p>\n","protected":false},"author":1,"featured_media":0,"parent":0,"menu_order":0,"comment_status":"closed","ping_status":"closed","template":"","meta":{"ngg_post_thumbnail":0,"footnotes":""},"class_list":["post-122","page","type-page","status-publish","hentry"],"_links":{"self":[{"href":"https:\/\/f\u00f6rderzentrum-am-meer.de\/index.php?rest_route=\/wp\/v2\/pages\/122"}],"collection":[{"href":"https:\/\/f\u00f6rderzentrum-am-meer.de\/index.php?rest_route=\/wp\/v2\/pages"}],"about":[{"href":"https:\/\/f\u00f6rderzentrum-am-meer.de\/index.php?rest_route=\/wp\/v2\/types\/page"}],"author":[{"embeddable":true,"href":"https:\/\/f\u00f6rderzentrum-am-meer.de\/index.php?rest_route=\/wp\/v2\/users\/1"}],"replies":[{"embeddable":true,"href":"https:\/\/f\u00f6rderzentrum-am-meer.de\/index.php?rest_route=%2Fwp%2Fv2%2Fcomments&post=122"}],"version-history":[{"count":14,"href":"https:\/\/f\u00f6rderzentrum-am-meer.de\/index.php?rest_route=\/wp\/v2\/pages\/122\/revisions"}],"predecessor-version":[{"id":2230,"href":"https:\/\/f\u00f6rderzentrum-am-meer.de\/index.php?rest_route=\/wp\/v2\/pages\/122\/revisions\/2230"}],"wp:attachment":[{"href":"https:\/\/f\u00f6rderzentrum-am-meer.de\/index.php?rest_route=%2Fwp%2Fv2%2Fmedia&parent=122"}],"curies":[{"name":"wp","href":"https:\/\/api.w.org\/{rel}","templated":true}]}}