{"id":74,"date":"2016-02-27T21:46:16","date_gmt":"2016-02-27T21:46:16","guid":{"rendered":"https:\/\/sfzgraal.wordpress.com\/?page_id=74"},"modified":"2018-08-03T10:48:37","modified_gmt":"2018-08-03T10:48:37","slug":"beratungszentrum","status":"publish","type":"page","link":"https:\/\/f\u00f6rderzentrum-am-meer.de\/?page_id=74","title":{"rendered":"Beratungszentrum"},"content":{"rendered":"<h2 align=\"left\"><span style=\"text-decoration: underline; color: #003366;\"><b>Beratungs- und Ausbildungsschule<\/b><\/span><\/h2>\n<h2 align=\"left\"><span style=\"color: #003366;\"><b>f\u00fcr die F\u00f6rderschwerpunkte:<\/b><\/span><\/h2>\n<ul>\n<li><span style=\"color: #003366;\">Lernen<\/span><\/li>\n<li><span style=\"color: #003366;\">geistige Entwicklung&nbsp;<\/span><\/li>\n<li><span style=\"color: #003366;\">emotionale und soziale Entwicklung&nbsp;<\/span><\/li>\n<li><span style=\"color: #003366;\">Sprache<\/span><\/li>\n<\/ul>\n<h5 align=\"left\"><span style=\"color: #003366;\">&nbsp;<\/span><\/h5>\n<h2 align=\"left\"><span style=\"text-decoration: underline; color: #003366;\"><b>Gemeinsamer Unterricht und Einzelf\u00f6rderung<\/b><\/span><\/h2>\n<h2 align=\"left\"><span style=\"color: #003366;\"><b>in den Bereichen:<\/b><\/span><\/h2>\n<ul>\n<li><span style=\"color: #003366;\">Lernen<\/span><\/li>\n<li><span style=\"color: #003366;\">Sprache<\/span><\/li>\n<li><span style=\"color: #003366;\">emotionale und soziale Entwicklung<\/span><\/li>\n<li><span style=\"color: #003366;\">k\u00f6rperliche und motorische Entwicklung&nbsp;<\/span><\/li>\n<li><span style=\"color: #003366;\">Autismus<\/span><\/li>\n<li><span style=\"color: #003366;\">Beratung f\u00fcr LRS und LimB&nbsp; &nbsp; &nbsp; &nbsp; &nbsp; &nbsp; &nbsp; &nbsp; &nbsp; &nbsp; &nbsp;<\/span><\/li>\n<\/ul>\n<h2 align=\"left\"><span style=\"color: #003366;\">&nbsp;<\/span><\/h2>\n<h2><span style=\"color: #003366;\"><b><a style=\"color: #003366;\" href=\"http:\/\/f\u00f6rderzentrum-am-meer.de\/?page_id=1198\"><span style=\"text-decoration: underline;\"><span>Fr\u00fchzeitige Eingliederung der Sch\u00fcler in die B<\/span><\/span><\/a><\/b><span style=\"text-decoration: underline;\"><b>erufsorientierung<\/b><\/span><\/span><\/h2>\n<p><span style=\"color: #003366;\"><a style=\"color: #003366;\" href=\"http:\/\/f\u00f6rderzentrum-am-meer.de\/?page_id=1198\">http:\/\/f\u00f6rderzentrum-am-meer.de\/?page_id=1198<\/a><\/span><\/p>\n","protected":false},"excerpt":{"rendered":"<p>Beratungs- und Ausbildungsschule f\u00fcr die F\u00f6rderschwerpunkte: Lernen geistige Entwicklung&nbsp; emotionale und soziale Entwicklung&nbsp; Sprache &nbsp; Gemeinsamer Unterricht und Einzelf\u00f6rderung in den Bereichen: Lernen Sprache emotionale und soziale Entwicklung k\u00f6rperliche und motorische Entwicklung&nbsp; Autismus Beratung f\u00fcr LRS und LimB&nbsp; &nbsp; &nbsp; &nbsp; &nbsp; &nbsp; &nbsp; &nbsp; &nbsp; &nbsp; &nbsp; &nbsp; Fr\u00fchzeitige Eingliederung der Sch\u00fcler in die &hellip; <a href=\"https:\/\/f\u00f6rderzentrum-am-meer.de\/?page_id=74\" class=\"more-link\"><span class=\"screen-reader-text\">Beratungszentrum<\/span> weiterlesen <span class=\"meta-nav\">&rarr;<\/span><\/a><\/p>\n","protected":false},"author":1,"featured_media":0,"parent":0,"menu_order":0,"comment_status":"closed","ping_status":"closed","template":"","meta":{"ngg_post_thumbnail":0,"footnotes":""},"class_list":["post-74","page","type-page","status-publish","hentry"],"_links":{"self":[{"href":"https:\/\/f\u00f6rderzentrum-am-meer.de\/index.php?rest_route=\/wp\/v2\/pages\/74"}],"collection":[{"href":"https:\/\/f\u00f6rderzentrum-am-meer.de\/index.php?rest_route=\/wp\/v2\/pages"}],"about":[{"href":"https:\/\/f\u00f6rderzentrum-am-meer.de\/index.php?rest_route=\/wp\/v2\/types\/page"}],"author":[{"embeddable":true,"href":"https:\/\/f\u00f6rderzentrum-am-meer.de\/index.php?rest_route=\/wp\/v2\/users\/1"}],"replies":[{"embeddable":true,"href":"https:\/\/f\u00f6rderzentrum-am-meer.de\/index.php?rest_route=%2Fwp%2Fv2%2Fcomments&post=74"}],"version-history":[{"count":6,"href":"https:\/\/f\u00f6rderzentrum-am-meer.de\/index.php?rest_route=\/wp\/v2\/pages\/74\/revisions"}],"predecessor-version":[{"id":1591,"href":"https:\/\/f\u00f6rderzentrum-am-meer.de\/index.php?rest_route=\/wp\/v2\/pages\/74\/revisions\/1591"}],"wp:attachment":[{"href":"https:\/\/f\u00f6rderzentrum-am-meer.de\/index.php?rest_route=%2Fwp%2Fv2%2Fmedia&parent=74"}],"curies":[{"name":"wp","href":"https:\/\/api.w.org\/{rel}","templated":true}]}}